{"id":4891,"date":"2022-09-05T11:10:08","date_gmt":"2022-09-05T11:10:08","guid":{"rendered":"https:\/\/www.villagemma.it\/polikliniken\/hno-heilkunde\/"},"modified":"2022-12-20T09:48:15","modified_gmt":"2022-12-20T09:48:15","slug":"hno-heilkunde","status":"publish","type":"page","link":"https:\/\/www.villagemma.it\/de\/polikliniken\/hno-heilkunde\/","title":{"rendered":"HNO-Heilkunde"},"content":{"rendered":"\t\t<div data-elementor-type=\"wp-page\" data-elementor-id=\"4891\" class=\"elementor elementor-4891\" data-elementor-post-type=\"page\">\n\t\t\t\t\t\t<section class=\"elementor-section elementor-top-section elementor-element elementor-element-10ca7552 elementor-section-height-min-height elementor-section-boxed elementor-section-height-default elementor-section-items-middle\" data-id=\"10ca7552\" data-element_type=\"section\" data-settings=\"{&quot;background_background&quot;:&quot;classic&quot;}\">\n\t\t\t\t\t\t<div class=\"elementor-container elementor-column-gap-default\">\n\t\t\t\t\t<div class=\"elementor-column elementor-col-100 elementor-top-column elementor-element elementor-element-4e0e7128\" data-id=\"4e0e7128\" data-element_type=\"column\">\n\t\t\t<div class=\"elementor-widget-wrap\">\n\t\t\t\t\t\t\t<\/div>\n\t\t<\/div>\n\t\t\t\t\t<\/div>\n\t\t<\/section>\n\t\t\t\t<section class=\"elementor-section elementor-top-section elementor-element elementor-element-329489bf elementor-section-boxed elementor-section-height-default elementor-section-height-default\" data-id=\"329489bf\" data-element_type=\"section\">\n\t\t\t\t\t\t<div class=\"elementor-container elementor-column-gap-default\">\n\t\t\t\t\t<div class=\"elementor-column elementor-col-100 elementor-top-column elementor-element elementor-element-6177a496\" data-id=\"6177a496\" data-element_type=\"column\">\n\t\t\t<div class=\"elementor-widget-wrap elementor-element-populated\">\n\t\t\t\t\t\t<div class=\"elementor-element elementor-element-3ceb1607 elementor-widget elementor-widget-heading\" data-id=\"3ceb1607\" data-element_type=\"widget\" data-widget_type=\"heading.default\">\n\t\t\t\t<div class=\"elementor-widget-container\">\n\t\t\t\t\t<h1 class=\"elementor-heading-title elementor-size-default\">HNO-Heilkunde<\/h1>\t\t\t\t<\/div>\n\t\t\t\t<\/div>\n\t\t\t\t\t<\/div>\n\t\t<\/div>\n\t\t\t\t\t<\/div>\n\t\t<\/section>\n\t\t\t\t<section class=\"elementor-section elementor-top-section elementor-element elementor-element-31543dea elementor-section-boxed elementor-section-height-default elementor-section-height-default\" data-id=\"31543dea\" data-element_type=\"section\">\n\t\t\t\t\t\t<div class=\"elementor-container elementor-column-gap-default\">\n\t\t\t\t\t<div class=\"elementor-column elementor-col-100 elementor-top-column elementor-element elementor-element-28fad53\" data-id=\"28fad53\" data-element_type=\"column\">\n\t\t\t<div class=\"elementor-widget-wrap elementor-element-populated\">\n\t\t\t\t\t\t<div class=\"elementor-element elementor-element-2b883b2 elementor-widget elementor-widget-text-editor\" data-id=\"2b883b2\" data-element_type=\"widget\" data-widget_type=\"text-editor.default\">\n\t\t\t\t<div class=\"elementor-widget-container\">\n\t\t\t\t\t\t\t\t\t<p>Die Hals-Nasen-Ohren-Klinik der Kliniken bietet einen effizienten und genauen medizinischen Service f\u00fcr die Behandlung und Diagnose von Patienten, die Kontrolluntersuchungen, Diagnosen oder Pr\u00e4ventivma\u00dfnahmen f\u00fcr Erkrankungen des Halses, der Nase und des Rachens ben\u00f6tigen. Es befasst sich daher mit der Gesundheit der Atemwege und des Geh\u00f6rs. Der Facharzt arbeitet mit den anderen Diensten des Pflegeheims zusammen (diagnostische Bildgebung mit hochaufl\u00f6senden CT-Scans, Hochfeld-MRT, Lungenklinik, Sprachtherapiedienst), um eine vollst\u00e4ndige und umfassende Beurteilung der laufenden Pathologie anzubieten.  <\/p>\n\t\t\t\t\t\t\t\t<\/div>\n\t\t\t\t<\/div>\n\t\t\t\t\t<\/div>\n\t\t<\/div>\n\t\t\t\t\t<\/div>\n\t\t<\/section>\n\t\t\t\t<section class=\"elementor-section elementor-top-section elementor-element elementor-element-4b07f2fc elementor-section-boxed elementor-section-height-default elementor-section-height-default\" data-id=\"4b07f2fc\" data-element_type=\"section\">\n\t\t\t\t\t\t<div class=\"elementor-container elementor-column-gap-default\">\n\t\t\t\t\t<div class=\"elementor-column elementor-col-25 elementor-top-column elementor-element elementor-element-3dde912\" data-id=\"3dde912\" data-element_type=\"column\">\n\t\t\t<div class=\"elementor-widget-wrap elementor-element-populated\">\n\t\t\t\t\t\t<div class=\"elementor-element elementor-element-5ab00051 elementor-widget elementor-widget-button\" data-id=\"5ab00051\" data-element_type=\"widget\" data-widget_type=\"button.default\">\n\t\t\t\t<div class=\"elementor-widget-container\">\n\t\t\t\t\t\t\t\t\t<div class=\"elementor-button-wrapper\">\n\t\t\t\t\t<a class=\"elementor-button elementor-button-link elementor-size-sm\" href=\"https:\/\/www.villagemma.it\/prenotazioni-e-referti\/\">\n\t\t\t\t\t\t<span class=\"elementor-button-content-wrapper\">\n\t\t\t\t\t\t\t\t\t<span class=\"elementor-button-text\">Wie bucht man<\/span>\n\t\t\t\t\t<\/span>\n\t\t\t\t\t<\/a>\n\t\t\t\t<\/div>\n\t\t\t\t\t\t\t\t<\/div>\n\t\t\t\t<\/div>\n\t\t\t\t\t<\/div>\n\t\t<\/div>\n\t\t\t\t<div class=\"elementor-column elementor-col-25 elementor-top-column elementor-element elementor-element-249eb529\" data-id=\"249eb529\" data-element_type=\"column\">\n\t\t\t<div class=\"elementor-widget-wrap elementor-element-populated\">\n\t\t\t\t\t\t<div class=\"elementor-element elementor-element-3d48cbb3 elementor-widget elementor-widget-button\" data-id=\"3d48cbb3\" data-element_type=\"widget\" data-widget_type=\"button.default\">\n\t\t\t\t<div class=\"elementor-widget-container\">\n\t\t\t\t\t\t\t\t\t<div class=\"elementor-button-wrapper\">\n\t\t\t\t\t<a class=\"elementor-button elementor-button-link elementor-size-sm\" href=\"https:\/\/www.villagemma.it\/de\/unsere-aerzte\/\">\n\t\t\t\t\t\t<span class=\"elementor-button-content-wrapper\">\n\t\t\t\t\t\t\t\t\t<span class=\"elementor-button-text\">Unsere \u00c4rzte<\/span>\n\t\t\t\t\t<\/span>\n\t\t\t\t\t<\/a>\n\t\t\t\t<\/div>\n\t\t\t\t\t\t\t\t<\/div>\n\t\t\t\t<\/div>\n\t\t\t\t\t<\/div>\n\t\t<\/div>\n\t\t\t\t<div class=\"elementor-column elementor-col-25 elementor-top-column elementor-element elementor-element-1d989635\" data-id=\"1d989635\" data-element_type=\"column\">\n\t\t\t<div class=\"elementor-widget-wrap\">\n\t\t\t\t\t\t\t<\/div>\n\t\t<\/div>\n\t\t\t\t<div class=\"elementor-column elementor-col-25 elementor-top-column elementor-element elementor-element-4611d33c\" data-id=\"4611d33c\" data-element_type=\"column\">\n\t\t\t<div class=\"elementor-widget-wrap\">\n\t\t\t\t\t\t\t<\/div>\n\t\t<\/div>\n\t\t\t\t\t<\/div>\n\t\t<\/section>\n\t\t\t\t<section class=\"elementor-section elementor-top-section elementor-element elementor-element-30379cea elementor-section-boxed elementor-section-height-default elementor-section-height-default\" data-id=\"30379cea\" data-element_type=\"section\">\n\t\t\t\t\t\t<div class=\"elementor-container elementor-column-gap-default\">\n\t\t\t\t\t<div class=\"elementor-column elementor-col-100 elementor-top-column elementor-element elementor-element-374b0d79\" data-id=\"374b0d79\" data-element_type=\"column\">\n\t\t\t<div class=\"elementor-widget-wrap elementor-element-populated\">\n\t\t\t\t\t\t<div class=\"elementor-element elementor-element-fc9491c elementor-widget elementor-widget-text-editor\" data-id=\"fc9491c\" data-element_type=\"widget\" data-widget_type=\"text-editor.default\">\n\t\t\t\t<div class=\"elementor-widget-container\">\n\t\t\t\t\t\t\t\t\t<ul>\n<li>Besuch beim HNO-Arzt<\/li>\n<li>Audiometrische Pr\u00fcfung<\/li>\n<li>Klinische Untersuchung der vestibul\u00e4ren Funktion im Zusammenhang mit der Untersuchung des aufgezeichneten provozierten Nystagmus<\/li>\n<li>Klinische Untersuchung der vestibul\u00e4ren Funktion im Zusammenhang mit der Untersuchung des spontan aufgezeichneten Nystagmus Impedanzuntersuchung<\/li>\n<li>Endoskopische Untersuchung von Nase und Naseng\u00e4ngen, Rachen und Kehlkopf<\/li>\n<li>Rotierende vestibul\u00e4re Stimulationen<\/li>\n<li>Bewertung des Patienten mit Schlafapnoe<\/li>\n<\/ul>\n\t\t\t\t\t\t\t\t<\/div>\n\t\t\t\t<\/div>\n\t\t\t\t<div class=\"elementor-element elementor-element-61de651b elementor-hidden-desktop elementor-hidden-tablet elementor-hidden-mobile elementor-widget elementor-widget-button\" data-id=\"61de651b\" data-element_type=\"widget\" data-widget_type=\"button.default\">\n\t\t\t\t<div class=\"elementor-widget-container\">\n\t\t\t\t\t\t\t\t\t<div class=\"elementor-button-wrapper\">\n\t\t\t\t\t<a class=\"elementor-button elementor-button-link elementor-size-sm\" href=\"#\">\n\t\t\t\t\t\t<span class=\"elementor-button-content-wrapper\">\n\t\t\t\t\t\t\t\t\t<span class=\"elementor-button-text\">Buchen Sie einen kardiologischen Facharztbesuch <\/span>\n\t\t\t\t\t<\/span>\n\t\t\t\t\t<\/a>\n\t\t\t\t<\/div>\n\t\t\t\t\t\t\t\t<\/div>\n\t\t\t\t<\/div>\n\t\t\t\t<div class=\"elementor-element elementor-element-3237cfed elementor-hidden-desktop elementor-hidden-tablet elementor-hidden-mobile elementor-widget elementor-widget-text-editor\" data-id=\"3237cfed\" data-element_type=\"widget\" data-widget_type=\"text-editor.default\">\n\t\t\t\t<div class=\"elementor-widget-container\">\n\t\t\t\t\t\t\t\t\t<p><em>Medizinische Integration<\/em><\/p>\n\t\t\t\t\t\t\t\t<\/div>\n\t\t\t\t<\/div>\n\t\t\t\t\t<\/div>\n\t\t<\/div>\n\t\t\t\t\t<\/div>\n\t\t<\/section>\n\t\t\t\t<\/div>\n\t\t","protected":false},"excerpt":{"rendered":"<p>HNO-Heilkunde Die Hals-Nasen-Ohren-Klinik der Kliniken bietet einen effizienten und genauen medizinischen Service f\u00fcr die Behandlung und Diagnose von Patienten, die Kontrolluntersuchungen, Diagnosen oder Pr\u00e4ventivma\u00dfnahmen f\u00fcr Erkrankungen des Halses, der Nase und des Rachens ben\u00f6tigen. Es befasst sich daher mit der Gesundheit der Atemwege und des Geh\u00f6rs. Der Facharzt arbeitet mit den anderen Diensten des Pflegeheims [&hellip;]<\/p>\n","protected":false},"author":1,"featured_media":0,"parent":4869,"menu_order":0,"comment_status":"closed","ping_status":"closed","template":"","meta":{"_acf_changed":false,"footnotes":""},"class_list":["post-4891","page","type-page","status-publish","hentry"],"acf":[],"yoast_head":"<!-- This site is optimized with the Yoast SEO plugin v24.4 - https:\/\/yoast.com\/wordpress\/plugins\/seo\/ -->\n<title>HNO-Heilkunde - Villa Gemma e Villa Barbarano<\/title>\n<meta name=\"robots\" content=\"index, follow, max-snippet:-1, max-image-preview:large, max-video-preview:-1\" \/>\n<link rel=\"canonical\" href=\"https:\/\/www.villagemma.it\/de\/polikliniken\/hno-heilkunde\/\" \/>\n<meta property=\"og:locale\" content=\"de_DE\" \/>\n<meta property=\"og:type\" content=\"article\" \/>\n<meta property=\"og:title\" content=\"HNO-Heilkunde - Villa Gemma e Villa Barbarano\" \/>\n<meta property=\"og:description\" content=\"HNO-Heilkunde Die Hals-Nasen-Ohren-Klinik der Kliniken bietet einen effizienten und genauen medizinischen Service f\u00fcr die Behandlung und Diagnose von Patienten, die Kontrolluntersuchungen, Diagnosen oder Pr\u00e4ventivma\u00dfnahmen f\u00fcr Erkrankungen des Halses, der Nase und des Rachens ben\u00f6tigen. Es befasst sich daher mit der Gesundheit der Atemwege und des Geh\u00f6rs. Der Facharzt arbeitet mit den anderen Diensten des Pflegeheims [&hellip;]\" \/>\n<meta property=\"og:url\" content=\"https:\/\/www.villagemma.it\/de\/polikliniken\/hno-heilkunde\/\" \/>\n<meta property=\"og:site_name\" content=\"Villa Gemma e Villa Barbarano\" \/>\n<meta property=\"article:modified_time\" content=\"2022-12-20T09:48:15+00:00\" \/>\n<meta name=\"twitter:card\" content=\"summary_large_image\" \/>\n<meta name=\"twitter:label1\" content=\"Gesch\u00e4tzte Lesezeit\" \/>\n\t<meta name=\"twitter:data1\" content=\"1\u00a0Minute\" \/>\n<script type=\"application\/ld+json\" class=\"yoast-schema-graph\">{\"@context\":\"https:\/\/schema.org\",\"@graph\":[{\"@type\":\"WebPage\",\"@id\":\"https:\/\/www.villagemma.it\/de\/polikliniken\/hno-heilkunde\/\",\"url\":\"https:\/\/www.villagemma.it\/de\/polikliniken\/hno-heilkunde\/\",\"name\":\"HNO-Heilkunde - Villa Gemma e Villa Barbarano\",\"isPartOf\":{\"@id\":\"https:\/\/www.villagemma.it\/#website\"},\"datePublished\":\"2022-09-05T11:10:08+00:00\",\"dateModified\":\"2022-12-20T09:48:15+00:00\",\"breadcrumb\":{\"@id\":\"https:\/\/www.villagemma.it\/de\/polikliniken\/hno-heilkunde\/#breadcrumb\"},\"inLanguage\":\"de\",\"potentialAction\":[{\"@type\":\"ReadAction\",\"target\":[\"https:\/\/www.villagemma.it\/de\/polikliniken\/hno-heilkunde\/\"]}]},{\"@type\":\"BreadcrumbList\",\"@id\":\"https:\/\/www.villagemma.it\/de\/polikliniken\/hno-heilkunde\/#breadcrumb\",\"itemListElement\":[{\"@type\":\"ListItem\",\"position\":1,\"name\":\"Home\",\"item\":\"https:\/\/www.villagemma.it\/de\/home\/\"},{\"@type\":\"ListItem\",\"position\":2,\"name\":\"Polikliniken\",\"item\":\"https:\/\/www.villagemma.it\/de\/polikliniken\/\"},{\"@type\":\"ListItem\",\"position\":3,\"name\":\"HNO-Heilkunde\"}]},{\"@type\":\"WebSite\",\"@id\":\"https:\/\/www.villagemma.it\/#website\",\"url\":\"https:\/\/www.villagemma.it\/\",\"name\":\"Villa Gemma e Villa Barbarano\",\"description\":\"\",\"publisher\":{\"@id\":\"https:\/\/www.villagemma.it\/#organization\"},\"potentialAction\":[{\"@type\":\"SearchAction\",\"target\":{\"@type\":\"EntryPoint\",\"urlTemplate\":\"https:\/\/www.villagemma.it\/?s={search_term_string}\"},\"query-input\":{\"@type\":\"PropertyValueSpecification\",\"valueRequired\":true,\"valueName\":\"search_term_string\"}}],\"inLanguage\":\"de\"},{\"@type\":\"Organization\",\"@id\":\"https:\/\/www.villagemma.it\/#organization\",\"name\":\"Villa Gemma e Villa Barbarano\",\"url\":\"https:\/\/www.villagemma.it\/\",\"logo\":{\"@type\":\"ImageObject\",\"inLanguage\":\"de\",\"@id\":\"https:\/\/www.villagemma.it\/#\/schema\/logo\/image\/\",\"url\":\"https:\/\/www.villagemma.it\/wp-content\/uploads\/2022\/08\/Logo_VG.png\",\"contentUrl\":\"https:\/\/www.villagemma.it\/wp-content\/uploads\/2022\/08\/Logo_VG.png\",\"width\":931,\"height\":300,\"caption\":\"Villa Gemma e Villa Barbarano\"},\"image\":{\"@id\":\"https:\/\/www.villagemma.it\/#\/schema\/logo\/image\/\"}}]}<\/script>\n<!-- \/ Yoast SEO plugin. -->","yoast_head_json":{"title":"HNO-Heilkunde - Villa Gemma e Villa Barbarano","robots":{"index":"index","follow":"follow","max-snippet":"max-snippet:-1","max-image-preview":"max-image-preview:large","max-video-preview":"max-video-preview:-1"},"canonical":"https:\/\/www.villagemma.it\/de\/polikliniken\/hno-heilkunde\/","og_locale":"de_DE","og_type":"article","og_title":"HNO-Heilkunde - Villa Gemma e Villa Barbarano","og_description":"HNO-Heilkunde Die Hals-Nasen-Ohren-Klinik der Kliniken bietet einen effizienten und genauen medizinischen Service f\u00fcr die Behandlung und Diagnose von Patienten, die Kontrolluntersuchungen, Diagnosen oder Pr\u00e4ventivma\u00dfnahmen f\u00fcr Erkrankungen des Halses, der Nase und des Rachens ben\u00f6tigen. Es befasst sich daher mit der Gesundheit der Atemwege und des Geh\u00f6rs. Der Facharzt arbeitet mit den anderen Diensten des Pflegeheims [&hellip;]","og_url":"https:\/\/www.villagemma.it\/de\/polikliniken\/hno-heilkunde\/","og_site_name":"Villa Gemma e Villa Barbarano","article_modified_time":"2022-12-20T09:48:15+00:00","twitter_card":"summary_large_image","twitter_misc":{"Gesch\u00e4tzte Lesezeit":"1\u00a0Minute"},"schema":{"@context":"https:\/\/schema.org","@graph":[{"@type":"WebPage","@id":"https:\/\/www.villagemma.it\/de\/polikliniken\/hno-heilkunde\/","url":"https:\/\/www.villagemma.it\/de\/polikliniken\/hno-heilkunde\/","name":"HNO-Heilkunde - Villa Gemma e Villa Barbarano","isPartOf":{"@id":"https:\/\/www.villagemma.it\/#website"},"datePublished":"2022-09-05T11:10:08+00:00","dateModified":"2022-12-20T09:48:15+00:00","breadcrumb":{"@id":"https:\/\/www.villagemma.it\/de\/polikliniken\/hno-heilkunde\/#breadcrumb"},"inLanguage":"de","potentialAction":[{"@type":"ReadAction","target":["https:\/\/www.villagemma.it\/de\/polikliniken\/hno-heilkunde\/"]}]},{"@type":"BreadcrumbList","@id":"https:\/\/www.villagemma.it\/de\/polikliniken\/hno-heilkunde\/#breadcrumb","itemListElement":[{"@type":"ListItem","position":1,"name":"Home","item":"https:\/\/www.villagemma.it\/de\/home\/"},{"@type":"ListItem","position":2,"name":"Polikliniken","item":"https:\/\/www.villagemma.it\/de\/polikliniken\/"},{"@type":"ListItem","position":3,"name":"HNO-Heilkunde"}]},{"@type":"WebSite","@id":"https:\/\/www.villagemma.it\/#website","url":"https:\/\/www.villagemma.it\/","name":"Villa Gemma e Villa Barbarano","description":"","publisher":{"@id":"https:\/\/www.villagemma.it\/#organization"},"potentialAction":[{"@type":"SearchAction","target":{"@type":"EntryPoint","urlTemplate":"https:\/\/www.villagemma.it\/?s={search_term_string}"},"query-input":{"@type":"PropertyValueSpecification","valueRequired":true,"valueName":"search_term_string"}}],"inLanguage":"de"},{"@type":"Organization","@id":"https:\/\/www.villagemma.it\/#organization","name":"Villa Gemma e Villa Barbarano","url":"https:\/\/www.villagemma.it\/","logo":{"@type":"ImageObject","inLanguage":"de","@id":"https:\/\/www.villagemma.it\/#\/schema\/logo\/image\/","url":"https:\/\/www.villagemma.it\/wp-content\/uploads\/2022\/08\/Logo_VG.png","contentUrl":"https:\/\/www.villagemma.it\/wp-content\/uploads\/2022\/08\/Logo_VG.png","width":931,"height":300,"caption":"Villa Gemma e Villa Barbarano"},"image":{"@id":"https:\/\/www.villagemma.it\/#\/schema\/logo\/image\/"}}]}},"_links":{"self":[{"href":"https:\/\/www.villagemma.it\/de\/wp-json\/wp\/v2\/pages\/4891","targetHints":{"allow":["GET"]}}],"collection":[{"href":"https:\/\/www.villagemma.it\/de\/wp-json\/wp\/v2\/pages"}],"about":[{"href":"https:\/\/www.villagemma.it\/de\/wp-json\/wp\/v2\/types\/page"}],"author":[{"embeddable":true,"href":"https:\/\/www.villagemma.it\/de\/wp-json\/wp\/v2\/users\/1"}],"replies":[{"embeddable":true,"href":"https:\/\/www.villagemma.it\/de\/wp-json\/wp\/v2\/comments?post=4891"}],"version-history":[{"count":1,"href":"https:\/\/www.villagemma.it\/de\/wp-json\/wp\/v2\/pages\/4891\/revisions"}],"predecessor-version":[{"id":4893,"href":"https:\/\/www.villagemma.it\/de\/wp-json\/wp\/v2\/pages\/4891\/revisions\/4893"}],"up":[{"embeddable":true,"href":"https:\/\/www.villagemma.it\/de\/wp-json\/wp\/v2\/pages\/4869"}],"wp:attachment":[{"href":"https:\/\/www.villagemma.it\/de\/wp-json\/wp\/v2\/media?parent=4891"}],"curies":[{"name":"wp","href":"https:\/\/api.w.org\/{rel}","templated":true}]}}